{"id":1461,"date":"2025-09-12T00:15:05","date_gmt":"2025-09-11T22:15:05","guid":{"rendered":"https:\/\/eures-nederland.nl\/agenda\/ausbildung-in-deutschland-2\/"},"modified":"2025-08-08T12:37:03","modified_gmt":"2025-08-08T10:37:03","slug":"ausbildung-in-deutschland-2","status":"publish","type":"event","link":"https:\/\/eures-nederland.nl\/en\/agenda\/ausbildung-in-deutschland-2\/","title":{"rendered":"Ausbildung in Deutschland"},"content":{"rendered":"<p><strong>Location: <\/strong>Geen locatie gevonden<\/p>\n<p>W\u00e4hrend dieser Veranstaltung gehen wir darauf ein, welche Voraussetzungen man f\u00fcr eine Ausbildung in Deutschland erf\u00fcllen muss, wie eine Ausbildung abl\u00e4uft, welche Berufe eine Ausbildung erfordern und wie man einen Ausbildungsplatz findet. Wenn du Interesse an einer Ausbildung in Deutschland hast, b&#8230;<\/p>\n<p><a href=\"https:\/\/eures.europa.eu\/ausbildung-deutschland-2025-09-12_de\" target=\"_blank\" rel=\"noopener\">More information<\/a><\/p>\n<p><a href=\"https:\/\/join.next.edudip.com\/de\/webinar\/ausbildung-in-deutschland-30\/2091999\" target=\"_blank\" rel=\"noopener\">View the website<\/a><\/p>\n","protected":false},"excerpt":{"rendered":"<p>Location: Geen locatie gevonden W\u00e4hrend dieser Veranstaltung gehen wir darauf ein, welche Voraussetzungen man f\u00fcr eine Ausbildung in Deutschland erf\u00fcllen muss, wie eine Ausbildung abl\u00e4uft, welche Berufe eine Ausbildung erfordern und wie man einen Ausbildungsplatz findet. Wenn du Interesse an einer Ausbildung in Deutschland hast, b&#8230; More information View the website<\/p>\n","protected":false},"author":1,"featured_media":1250,"template":"","meta":{"_acf_changed":false,"footnotes":""},"class_list":["post-1461","event","type-event","status-publish","has-post-thumbnail","hentry"],"acf":[],"_links":{"self":[{"href":"https:\/\/eures-nederland.nl\/en\/wp-json\/wp\/v2\/event\/1461","targetHints":{"allow":["GET"]}}],"collection":[{"href":"https:\/\/eures-nederland.nl\/en\/wp-json\/wp\/v2\/event"}],"about":[{"href":"https:\/\/eures-nederland.nl\/en\/wp-json\/wp\/v2\/types\/event"}],"author":[{"embeddable":true,"href":"https:\/\/eures-nederland.nl\/en\/wp-json\/wp\/v2\/users\/1"}],"version-history":[{"count":0,"href":"https:\/\/eures-nederland.nl\/en\/wp-json\/wp\/v2\/event\/1461\/revisions"}],"wp:featuredmedia":[{"embeddable":true,"href":"https:\/\/eures-nederland.nl\/en\/wp-json\/wp\/v2\/media\/1250"}],"wp:attachment":[{"href":"https:\/\/eures-nederland.nl\/en\/wp-json\/wp\/v2\/media?parent=1461"}],"curies":[{"name":"wp","href":"https:\/\/api.w.org\/{rel}","templated":true}]}}